{"id":78,"date":"2019-08-26T12:30:38","date_gmt":"2019-08-26T12:30:38","guid":{"rendered":"https:\/\/ab-fotografie.net.194.150.248.140.dev-url.ch\/wp1\/?page_id=78"},"modified":"2024-01-15T12:08:56","modified_gmt":"2024-01-15T12:08:56","slug":"still-bilder","status":"publish","type":"page","link":"https:\/\/www.ab-fotografie.net\/wp1\/still-bilder\/","title":{"rendered":"STILLBILDER"},"content":{"rendered":"<p>[vc_row full_width=&#8220;stretch_row_content_no_spaces&#8220;][vc_column][wiso_banner style_banner=&#8220;simple&#8220; height=&#8220;medium_banner&#8220; style=&#8220;center_content&#8220; overlay=&#8220;yes&#8220; title=&#8220;Stillbilder&#8220; image=&#8220;6335&#8243; subtitle=&#8220;Familienfotografie&#8220;][vc_empty_space][\/vc_column][\/vc_row][vc_row][vc_column][wiso_headings style=&#8220;text_center&#8220; title=&#8220;Stillbilder&#8220; subtitle=&#8220;Familienfotografie&#8220;][vc_empty_space][\/vc_column][\/vc_row][vc_row][vc_column][vc_column_text]Stillen ist so viel mehr als nur Nahrung &#8211; N\u00e4he, Geborgenheit, Liebe. G\u00f6nn Dir mit einem pers\u00f6nlichen Still-Fotoshooting eine ganz besondere &amp; bleibende Erinnerung an Eure Stillzeit.[\/vc_column_text][vc_column_text]Auf Wunsch kannst Du auch Kleider f\u00fcr Dich und Dein Kind sowie verschiedene Accessoires (wie z.B. Blumenkr\u00e4nze, Haarb\u00e4nder o.\u00e4.) aus meinem Fundus ausleihen. Schreib Deinen W\u00fcnsche einfach bei der Buchungsanfrage dazu.[\/vc_column_text][\/vc_column][\/vc_row][vc_row][vc_column width=&#8220;1\/3&#8243;][\/vc_column][vc_column width=&#8220;1\/3&#8243;][wiso_services style=&#8220;center&#8220; title=&#8220;Stillbilder &#8211; CHF 390&#8243;][\/vc_column][vc_column width=&#8220;1\/3&#8243;][\/vc_column][\/vc_row][vc_row][vc_column][vc_column_text]<\/p>\n<ul>\n<li>ca. 1 Stunde Fotoshooting im Studio in 5630 Muri oder Outdoor in der Natur (Region Rottenschwil \/ Muri &#8211; weitere Gegenden nach Absprache)<\/li>\n<li>10 Bilder professionell bearbeitet &amp; retouchiert in Farbe &amp;\u00a0SW, in voller Aufl\u00f6sung als JPG-Datei zum Download sowie auf einem USB-Stick<\/li>\n<li>Option zum Erwerb zus\u00e4tzlicher Bilddateien (CHF 25\/Bild)<\/li>\n<li>Passwortgesch\u00fctze Onlinegalerie zur Auswahl Ihrer Bilder<\/li>\n<li>10 hochwertige Fotoabz\u00fcge in 13\u00d718, liebevoll verpackt<\/li>\n<li>Darf ich die Bilder ver\u00f6ffentlichen, erhaltet Ihr 2 zus\u00e4tzliche Bilder als Dankesch\u00f6n f\u00fcr die Ver\u00f6ffentlichungsfreigabe<\/li>\n<\/ul>\n<p>[\/vc_column_text][\/vc_column][\/vc_row][vc_row][vc_column][vc_btn title=&#8220;BOOK NOW&#8220; align=&#8220;center&#8220; link=&#8220;url:https%3A%2F%2Fwww.ab-fotografie.net%2Fwp1%2Fbook-now%2F|title:BOOK%20NOW||&#8220;][\/vc_column][\/vc_row][vc_row][vc_column][vc_media_grid grid_id=&#8220;vc_gid:1705320426041-6ad3f519d402f87c3d7e1e53a2ff11d2-5&#8243; include=&#8220;7061,7056,7060,7064,7063,7062,7059,7058,7055&#8243;][\/vc_column][\/vc_row]<\/p>\n","protected":false},"excerpt":{"rendered":"<p>[vc_row full_width=&#8220;stretch_row_content_no_spaces&#8220;][vc_column][wiso_banner style_banner=&#8220;simple&#8220; height=&#8220;medium_banner&#8220; style=&#8220;center_content&#8220; overlay=&#8220;yes&#8220; title=&#8220;Stillbilder&#8220; image=&#8220;6335&#8243; subtitle=&#8220;Familienfotografie&#8220;][vc_empty_space][\/vc_column][\/vc_row][vc_row][vc_column][wiso_headings style=&#8220;text_center&#8220; title=&#8220;Stillbilder&#8220; subtitle=&#8220;Familienfotografie&#8220;][vc_empty_space][\/vc_column][\/vc_row][vc_row][vc_column][vc_column_text]Stillen ist so viel mehr als nur Nahrung &#8211; N\u00e4he, Geborgenheit, Liebe. G\u00f6nn Dir mit einem pers\u00f6nlichen Still-Fotoshooting eine ganz besondere &amp; bleibende Erinnerung an Eure Stillzeit.[\/vc_column_text][vc_column_text]Auf Wunsch kannst Du auch Kleider f\u00fcr Dich und Dein Kind sowie verschiedene Accessoires (wie z.B. Blumenkr\u00e4nze, Haarb\u00e4nder &#8230;<\/p>\n","protected":false},"author":1,"featured_media":0,"parent":0,"menu_order":7,"comment_status":"closed","ping_status":"closed","template":"","meta":{"footnotes":""},"featured_image_src":null,"featured_image_src_square":null,"_links":{"self":[{"href":"https:\/\/www.ab-fotografie.net\/wp1\/wp-json\/wp\/v2\/pages\/78"}],"collection":[{"href":"https:\/\/www.ab-fotografie.net\/wp1\/wp-json\/wp\/v2\/pages"}],"about":[{"href":"https:\/\/www.ab-fotografie.net\/wp1\/wp-json\/wp\/v2\/types\/page"}],"author":[{"embeddable":true,"href":"https:\/\/www.ab-fotografie.net\/wp1\/wp-json\/wp\/v2\/users\/1"}],"replies":[{"embeddable":true,"href":"https:\/\/www.ab-fotografie.net\/wp1\/wp-json\/wp\/v2\/comments?post=78"}],"version-history":[{"count":21,"href":"https:\/\/www.ab-fotografie.net\/wp1\/wp-json\/wp\/v2\/pages\/78\/revisions"}],"predecessor-version":[{"id":9303,"href":"https:\/\/www.ab-fotografie.net\/wp1\/wp-json\/wp\/v2\/pages\/78\/revisions\/9303"}],"wp:attachment":[{"href":"https:\/\/www.ab-fotografie.net\/wp1\/wp-json\/wp\/v2\/media?parent=78"}],"curies":[{"name":"wp","href":"https:\/\/api.w.org\/{rel}","templated":true}]}}