{"id":1322,"date":"2019-09-07T21:30:03","date_gmt":"2019-09-07T21:30:03","guid":{"rendered":"https:\/\/www.ab-fotografie.net\/wp1\/?page_id=1322"},"modified":"2025-09-08T16:16:02","modified_gmt":"2025-09-08T16:16:02","slug":"herzlich-willkommen","status":"publish","type":"page","link":"https:\/\/www.ab-fotografie.net\/wp1\/","title":{"rendered":"HERZLICH WILLKOMMEN!"},"content":{"rendered":"<p>[vc_row full_width=&#8220;stretch_row_content_no_spaces&#8220;][vc_column][banner_slider type_slider=&#8220;myro&#8220; autoplay=&#8220;5&#8243; speed=&#8220;1500&#8243;][banner_slider_items option_style=&#8220;myro&#8220; subtitle=&#8220;Hochzeitsfotografie&#8220; title=&#8220;JA ICH WILL&#8220; btn_style=&#8220;a-btn-2&#8243; image=&#8220;6325&#8243; button=&#8220;url:https%3A%2F%2Fwww.ab-fotografie.net%2Fwp1%2Fhochzeitsfotografie%2F|title:Mehr||&#8220;][banner_slider_items option_style=&#8220;myro&#8220; subtitle=&#8220;Paarfotografie&#8220; title=&#8220;JUST LOVE&#8220; btn_style=&#8220;a-btn-2&#8243; image=&#8220;6322&#8243; button=&#8220;url:https%3A%2F%2Fwww.ab-fotografie.net%2Fwp1%2Fhochzeitsfotografie%2Fjust-love%2F|title:Mehr||&#8220;][banner_slider_items option_style=&#8220;myro&#8220; subtitle=&#8220;Schwangerschaftsfotografie&#8220; title=&#8220;9 MONTHS&#8220; btn_style=&#8220;a-btn-2&#8243; image=&#8220;6588&#8243; button=&#8220;url:https%3A%2F%2Fwww.ab-fotografie.net%2Fwp1%2Ffamilienfotografie%2F9-months%2F|title:Mehr||&#8220;][banner_slider_items option_style=&#8220;myro&#8220; subtitle=&#8220;FAMILIENFOTOGRAFIE&#8220; title=&#8220;NEWBORN&#8220; btn_style=&#8220;a-btn-2&#8243; image=&#8220;6329&#8243; button=&#8220;url:https%3A%2F%2Fwww.ab-fotografie.net%2Fwp1%2Ffamilienfotografie%2Fnewborn%2F|title:Mehr||&#8220;][banner_slider_items option_style=&#8220;myro&#8220; subtitle=&#8220;Familienfotografie&#8220; title=&#8220;FAMILY PORTRAIT&#8220; btn_style=&#8220;a-btn-2&#8243; image=&#8220;6323&#8243; button=&#8220;url:https%3A%2F%2Fwww.ab-fotografie.net%2Fwp1%2Ffamilienfotografie%2Ffamily-portrait%2F|title:Mehr||&#8220;][banner_slider_items option_style=&#8220;myro&#8220; subtitle=&#8220;Familienfotografie&#8220; title=&#8220;Tragebilder&#8220; btn_style=&#8220;a-btn-2&#8243; image=&#8220;6337&#8243; button=&#8220;url:https%3A%2F%2Fwww.ab-fotografie.net%2Fwp1%2Ffamilienfotografie%2Ftrage-bilder%2F|title:Mehr||&#8220;][banner_slider_items option_style=&#8220;andra&#8220;][\/banner_slider][\/vc_column][\/vc_row][vc_row full_width=&#8220;stretch_row&#8220; css=&#8220;.vc_custom_1525347828777{background-color: #fcf9f6 !important;}&#8220;][vc_column desctop_mt=&#8220;margin-lg-65t&#8220; desctop_mb=&#8220;margin-lg-50b&#8220; tablets_mt=&#8220;margin-sm-45t&#8220; tablets_mb=&#8220;margin-sm-30b&#8220; mobile_mt=&#8220;margin-xs-15t&#8220; mobile_mb=&#8220;margin-xs-10b&#8220;][wiso_headings style=&#8220;classic_text&#8220; title=&#8220;Herzlich Willkommen!&#8220; subtitle=&#8220;Sch\u00f6n, seid Ihr da!&#8220; image=&#8220;3239&#8243;][\/vc_column][\/vc_row][vc_row desctop_lg_pt=&#8220;padding-lg-50t&#8220; desctop_lg_pb=&#8220;padding-lg-60b&#8220; desctop_pt=&#8220;padding-md-30t&#8220; desctop_pb=&#8220;padding-md-40b&#8220; mobile_pt=&#8220;padding-xs-10t&#8220;][vc_column width=&#8220;1\/2&#8243; offset=&#8220;vc_col-lg-4 vc_col-md-6 vc_hidden-xs&#8220;][vc_single_image image=&#8220;7511&#8243; img_size=&#8220;full&#8220;][\/vc_column][vc_column width=&#8220;1\/2&#8243; offset=&#8220;vc_col-lg-8 vc_col-md-6&#8243;][wiso_about style=&#8220;simple&#8220; btn_style=&#8220;a-btn-3&#8243; title=&#8220;Hochzeits- und Familienfotografin&#8220; subtitle=&#8220;Hallo, mein Name ist Annina und ich bin leidenschaftliche&#8220; button=&#8220;url:https%3A%2F%2Fwww.ab-fotografie.net%2Fwp1%2Feure-fotografin%2F|title:Erfahrt%20mehr%20%C3%BCber%20Mich|target:%20_blank|&#8220;]Ich liebe es, die kleinen und grossen Momente an Eurem Hochzeitstag einfangen zu d\u00fcrfen. Genau so wie die einzigartige Zeit der Schwangerschaft festzuhalten, ganz besondere Erinnerungen an die Ankunft des wohl gr\u00f6ssten Wunders \u00fcberhaupt zu schaffen, bildlich festzuhalten, wie die kleinen Sch\u00e4tze als Neugeborene denn so waren &#8211; kurz einfach unbezahlbare Erinnerungen &amp; Familiengeschichten aufzunehmen&#8230;[\/wiso_about][\/vc_column][\/vc_row][vc_row desctop_lg_pt=&#8220;padding-lg-140t&#8220; desctop_lg_pb=&#8220;padding-lg-100b&#8220; desctop_pt=&#8220;padding-md-100t&#8220; desctop_pb=&#8220;padding-md-80b&#8220; tablets_pt=&#8220;padding-sm-75t&#8220; tablets_pb=&#8220;padding-sm-65b&#8220; mobile_pt=&#8220;padding-xs-55t&#8220; mobile_pb=&#8220;padding-xs-35b&#8220;][vc_column][wiso_headings style=&#8220;text_center&#8220; title=&#8220;Testimonials&#8220; subtitle=&#8220;Kundenstimmen&#8220;][\/vc_column][\/vc_row][vc_row desctop_lg_pb=&#8220;padding-lg-120b&#8220; desctop_pb=&#8220;padding-md-85b&#8220; mobile_pb=&#8220;padding-xs-45b&#8220;][vc_column][wiso_team team_style=&#8220;slider_modern&#8220; autoplay=&#8220;10&#8243; loop=&#8220;true&#8220; team_members=&#8220;%5B%7B%22image_id%22%3A%228265%22%2C%22name%22%3A%22Tina%20%26%20Kevin%22%2C%22position%22%3A%22Namal%20viele%20herzliche%20Dank%20f%C3%BCr%20din%20absolut%20hammerm%C3%A4ssige%20iisatz%20a%20eurem%20sch%C3%B6nste%20Tag.%20Ich%20han%20durchwegs%20nur%20Kompliment%20%C3%BCbercho%2C%20mir%20hegen%20ja%20e%20genial%20supertolle%20Fotografin!%20&#8230;%20Wow%2C%20d&#8217;F%C3%B6teli%20sind%20soooo%20sch%C3%B6n%2C%20eifach%20hammer%2C%20hetsch%20n%C3%B6l%20besser%20sch%C3%B6ne%20mache!%22%2C%22text%22%3A%22Namal%20viele%20herzliche%20Dank%20f%C3%BCr%20din%20absolut%20hammerm%C3%A4ssige%20iisatz%20a%20eurem%20sch%C3%B6nste%20Tag.%20Ich%20han%20durchwegs%20nur%20Kompliment%20%C3%BCbercho%2C%20mir%20hegen%20ja%20e%20genial%20supertolle%20Fotografin!%20%5CnWow%2C%20d&#8217;F%C3%B6teli%20sind%20soooo%20sch%C3%B6n%2C%20eifach%20hammer%2C%20hetsch%20n%C3%B6l%20besser%20sch%C3%B6ne%20mache!%22%2C%22socials%22%3A%22%255B%257B%257D%252C%257B%257D%252C%257B%257D%255D%22%7D%2C%7B%22image_id%22%3A%227621%22%2C%22name%22%3A%22Fiona%20%26%20C%C3%A9dric%22%2C%22position%22%3A%22Annina%20macht%20sehr%20sch%C3%B6ne%20Fotos.%20Sie%20hat%20unsere%20Zivilhochzeit%20und%20einen%20Teil%20des%20Hochzeitsfest%20begleitet.%20Die%20Fotos%20sind%20wirklich%20sehr%20gut%20und%20es%20gibt%20auch%20viele%20unterschiedliche%20Aufnahmen.%20Das%20gef%C3%A4llt%20mir%20besonders.%20Zum%20Schluss%20war%20die%20%5C%22Auslieferung%5C%22%20auch%20mega%20herzig%20gemacht%20mit%20viel%20Liebe%20zum%20Detail%20%3A-).%22%2C%22text%22%3A%22Annina%20macht%20sehr%20sch%C3%B6ne%20Fotos.%20Sie%20hat%20unsere%20Zivilhochzeit%20und%20einen%20Teil%20des%20Hochzeitsfest%20begleitet.%20Die%20Fotos%20sind%20wirklich%20sehr%20gut%20und%20es%20gibt%20auch%20viele%20unterschiedliche%20Aufnahmen.%20Das%20gef%C3%A4llt%20mir%20besonders.%20Zum%20Schluss%20war%20die%20%5C%22Auslieferung%5C%22%20auch%20mega%20herzig%20gemacht%20mit%20viel%20Liebe%20zum%20Detail%20%3A-).%22%2C%22socials%22%3A%22%255B%257B%257D%255D%22%7D%2C%7B%22image_id%22%3A%227654%22%2C%22name%22%3A%22Naila%20%26%20Roger%22%2C%22position%22%3A%22Herzlichen%20Dank%20f%C3%BCr%20die%20Preview%2C%20die%20Fotos%20sind%20der%20Hammer!%20Genau%20so%20haben%20wir%20es%20uns%20gew%C3%BCnscht!%22%2C%22text%22%3A%22Herzlichen%20Dank%20f%C3%BCr%20die%20Preview%2C%20die%20Fotos%20sind%20der%20Hammer!%20Genau%20so%20haben%20wir%20es%20uns%20gew%C3%BCnscht!%22%2C%22socials%22%3A%22%255B%257B%2522social_url%2522%253A%2522https%253A%252F%252Fwww.facebook.com%252F%2522%257D%252C%257B%2522social_url%2522%253A%2522https%253A%252F%252Ftwitter.com%252F%2522%257D%252C%257B%2522social_url%2522%253A%2522https%253A%252F%252Fwww.instagram.com%252F%2522%257D%255D%22%7D%2C%7B%22image_id%22%3A%228883%22%2C%22name%22%3A%22Nelum%20%26%20Mathias%22%2C%22position%22%3A%22Wir%20sind%20total%20von%20unseren%20Familienfotos%20und%20unseren%20Paarfotos%20begeistert.%20Annina%20ist%20eine%20sehr%20freundliche%2C%20unkomplizierte%2C%20lustige%2C%20einf%C3%BChlsame%20und%20professionelle%20Fotografin%2C%20welche%20den%20Blick%20f%C3%BCr%20das%20nat%C3%BCrliche%20hat.%20Wir%20freuen%20uns%20schon%20auf%20unsere%20Hochzeitsfotos.%22%2C%22socials%22%3A%22%255B%257B%257D%255D%22%7D%2C%7B%22image_id%22%3A%2210079%22%2C%22name%22%3A%22Michelle%20%26%20Mark%22%2C%22position%22%3A%22Wir%20m%C3%B6chten%20uns%20herzlich%20bei%20Dir%20f%C3%BCr%20die%20wundersch%C3%B6nen%20Fotos%20von%20unserer%20zivilen%20Trauung%20bedanken.%20Mit%20deinen%20romantischen%20Ideen%20hast%20du%20genau%20unseren%20Geschmack%20getroffen%20und%20den%20einzigartigen%20Spirit%20des%20Tages%20perfekt%20eingefangen.%20So%20werden%20wir%20uns%20immer%20daran%20erinnern%20k%C3%B6nnen!%22%2C%22socials%22%3A%22%255B%257B%257D%255D%22%7D%5D&#8220;][vc_empty_space][wiso_button style=&#8220;a-btn-3&#8243; button=&#8220;url:https%3A%2F%2Fwww.ab-fotografie.net%2Fwp1%2Ftestimonials%2F|title:Mehr%20Kundenstimmen||&#8220;][\/vc_column][\/vc_row][vc_row desctop_mb=&#8220;margin-lg-100b&#8220; desctop_md_mb=&#8220;margin-md-80b&#8220; tablets_mb=&#8220;margin-sm-55b&#8220; mobile_mb=&#8220;margin-xs-35b&#8220;][vc_column][wiso_headings style=&#8220;text_center&#8220; title=&#8220;My greatest ambition is to create powerful images&#8220; subtitle=&#8220;instagram photos&#8220;][\/vc_column][\/vc_row][vc_row desctop_mb=&#8220;margin-lg-130b&#8220; desctop_md_mb=&#8220;margin-md-90b&#8220; tablets_mb=&#8220;margin-sm-80b&#8220; mobile_mb=&#8220;margin-xs-0b&#8220;][vc_column][wiso_instagram style=&#8220;style1&#8243; username=&#8220;ab_fotografie_net&#8220; count=&#8220;6&#8243;][\/vc_column][\/vc_row]<\/p>\n","protected":false},"excerpt":{"rendered":"<p>[vc_row full_width=&#8220;stretch_row_content_no_spaces&#8220;][vc_column][banner_slider type_slider=&#8220;myro&#8220; autoplay=&#8220;5&#8243; speed=&#8220;1500&#8243;][banner_slider_items option_style=&#8220;myro&#8220; subtitle=&#8220;Hochzeitsfotografie&#8220; title=&#8220;JA ICH WILL&#8220; btn_style=&#8220;a-btn-2&#8243; image=&#8220;6325&#8243; button=&#8220;url:https%3A%2F%2Fwww.ab-fotografie.net%2Fwp1%2Fhochzeitsfotografie%2F|title:Mehr||&#8220;][banner_slider_items option_style=&#8220;myro&#8220; subtitle=&#8220;Paarfotografie&#8220; title=&#8220;JUST LOVE&#8220; btn_style=&#8220;a-btn-2&#8243; image=&#8220;6322&#8243; button=&#8220;url:https%3A%2F%2Fwww.ab-fotografie.net%2Fwp1%2Fhochzeitsfotografie%2Fjust-love%2F|title:Mehr||&#8220;][banner_slider_items option_style=&#8220;myro&#8220; subtitle=&#8220;Schwangerschaftsfotografie&#8220; title=&#8220;9 MONTHS&#8220; btn_style=&#8220;a-btn-2&#8243; image=&#8220;6588&#8243; button=&#8220;url:https%3A%2F%2Fwww.ab-fotografie.net%2Fwp1%2Ffamilienfotografie%2F9-months%2F|title:Mehr||&#8220;][banner_slider_items option_style=&#8220;myro&#8220; subtitle=&#8220;FAMILIENFOTOGRAFIE&#8220; title=&#8220;NEWBORN&#8220; btn_style=&#8220;a-btn-2&#8243; image=&#8220;6329&#8243; button=&#8220;url:https%3A%2F%2Fwww.ab-fotografie.net%2Fwp1%2Ffamilienfotografie%2Fnewborn%2F|title:Mehr||&#8220;][banner_slider_items option_style=&#8220;myro&#8220; subtitle=&#8220;Familienfotografie&#8220; title=&#8220;FAMILY PORTRAIT&#8220; btn_style=&#8220;a-btn-2&#8243; image=&#8220;6323&#8243; button=&#8220;url:https%3A%2F%2Fwww.ab-fotografie.net%2Fwp1%2Ffamilienfotografie%2Ffamily-portrait%2F|title:Mehr||&#8220;][banner_slider_items option_style=&#8220;myro&#8220; subtitle=&#8220;Familienfotografie&#8220; title=&#8220;Tragebilder&#8220; btn_style=&#8220;a-btn-2&#8243; image=&#8220;6337&#8243; button=&#8220;url:https%3A%2F%2Fwww.ab-fotografie.net%2Fwp1%2Ffamilienfotografie%2Ftrage-bilder%2F|title:Mehr||&#8220;][banner_slider_items option_style=&#8220;andra&#8220;][\/banner_slider][\/vc_column][\/vc_row][vc_row full_width=&#8220;stretch_row&#8220; css=&#8220;.vc_custom_1525347828777{background-color: #fcf9f6 !important;}&#8220;][vc_column desctop_mt=&#8220;margin-lg-65t&#8220; desctop_mb=&#8220;margin-lg-50b&#8220; tablets_mt=&#8220;margin-sm-45t&#8220; tablets_mb=&#8220;margin-sm-30b&#8220; &#8230;<\/p>\n","protected":false},"author":1,"featured_media":0,"parent":0,"menu_order":1,"comment_status":"closed","ping_status":"closed","template":"","meta":{"footnotes":""},"featured_image_src":null,"featured_image_src_square":null,"_links":{"self":[{"href":"https:\/\/www.ab-fotografie.net\/wp1\/wp-json\/wp\/v2\/pages\/1322"}],"collection":[{"href":"https:\/\/www.ab-fotografie.net\/wp1\/wp-json\/wp\/v2\/pages"}],"about":[{"href":"https:\/\/www.ab-fotografie.net\/wp1\/wp-json\/wp\/v2\/types\/page"}],"author":[{"embeddable":true,"href":"https:\/\/www.ab-fotografie.net\/wp1\/wp-json\/wp\/v2\/users\/1"}],"replies":[{"embeddable":true,"href":"https:\/\/www.ab-fotografie.net\/wp1\/wp-json\/wp\/v2\/comments?post=1322"}],"version-history":[{"count":28,"href":"https:\/\/www.ab-fotografie.net\/wp1\/wp-json\/wp\/v2\/pages\/1322\/revisions"}],"predecessor-version":[{"id":10084,"href":"https:\/\/www.ab-fotografie.net\/wp1\/wp-json\/wp\/v2\/pages\/1322\/revisions\/10084"}],"wp:attachment":[{"href":"https:\/\/www.ab-fotografie.net\/wp1\/wp-json\/wp\/v2\/media?parent=1322"}],"curies":[{"name":"wp","href":"https:\/\/api.w.org\/{rel}","templated":true}]}}